{"id":2010,"date":"2020-11-04T13:59:12","date_gmt":"2020-11-04T13:59:12","guid":{"rendered":"https:\/\/pargikeskus.ee\/kauplused\/pro-optika\/"},"modified":"2025-08-13T15:10:40","modified_gmt":"2025-08-13T12:10:40","slug":"pro-optika","status":"publish","type":"page","link":"https:\/\/pargikeskus.ee\/en\/kauplused\/pro-optika\/","title":{"rendered":"Pro Optika"},"content":{"rendered":"<!--themify_builder_content-->\n<div id=\"themify_builder_content-2010\" data-postid=\"2010\" class=\"themify_builder_content themify_builder_content-2010 themify_builder tf_clear\">\n                    <div  data-css_id=\"vaqq964\" data-lazy=\"1\" class=\"module_row themify_builder_row fullwidth_row_container tb_vaqq964 tb_first tf_w\">\n            <span  class=\"builder_row_cover tf_abs\" data-lazy=\"1\"><\/span>            <div class=\"row_inner col_align_top tb_col_count_1 tf_box tf_rel\">\n                        <div  data-lazy=\"1\" class=\"module_column tb-column col-full tb_t2ft965 first\">\n                            <\/div>\n                        <\/div>\n        <\/div>\n                        <div  data-lazy=\"1\" class=\"module_row themify_builder_row tb_o2sl583 tf_w\">\n                        <div class=\"row_inner col_align_top tb_col_count_3 tf_box tf_rel\">\n                        <div  data-lazy=\"1\" class=\"module_column tb-column col4-1 tb_eakw585 first\">\n                    <!-- module image -->\n<div  class=\"module module-image tb_sioz771 image-top   tf_mw\" data-lazy=\"1\">\n        <div class=\"image-wrap tf_rel tf_mw\">\n            <img loading=\"lazy\" decoding=\"async\" src=\"https:\/\/pargikeskus.ee\/wp-content\/uploads\/2025\/03\/PO-logo-rgb-ruut-1024x1024-200x200.png\" width=\"200\" height=\"200\" class=\"wp-post-image wp-image-10232\" title=\"PO-logo-rgb-ruut\" alt=\"PO-logo-rgb-ruut\" srcset=\"https:\/\/pargikeskus.ee\/wp-content\/uploads\/2025\/03\/PO-logo-rgb-ruut-1024x1024-200x200.png 200w, https:\/\/pargikeskus.ee\/wp-content\/uploads\/2025\/03\/PO-logo-rgb-ruut-300x300.png 300w, https:\/\/pargikeskus.ee\/wp-content\/uploads\/2025\/03\/PO-logo-rgb-ruut-1024x1024.png 1024w, https:\/\/pargikeskus.ee\/wp-content\/uploads\/2025\/03\/PO-logo-rgb-ruut-1024x1024-150x150.png 150w, https:\/\/pargikeskus.ee\/wp-content\/uploads\/2025\/03\/PO-logo-rgb-ruut-768x768.png 768w, https:\/\/pargikeskus.ee\/wp-content\/uploads\/2025\/03\/PO-logo-rgb-ruut.png 1080w\" sizes=\"auto, (max-width: 200px) 100vw, 200px\" \/>    \n        <\/div>\n    <!-- \/image-wrap -->\n    \n        <\/div>\n<!-- \/module image --><!-- module text -->\n<div  class=\"module module-text tb_okrb801   \" data-lazy=\"1\">\n        <div  class=\"tb_text_wrap\">\n        <h2>Avatud<\/h2>\n<p>E-L 10:00 \u2013 20:00<br \/>P 10:00 \u2013 19:00<\/p>    <\/div>\n<\/div>\n<!-- \/module text --><!-- module text -->\n<div  class=\"module module-text tb_kigd663   \" data-lazy=\"1\">\n        <div  class=\"tb_text_wrap\">\n        <h2>Kontaktandmed<\/h2>\n<p><a href=\"tel:+3723322833\">+372 3322833<\/a><br \/><a href=\"mailto:johvi@prooptika.ee\">johvi@prooptika.ee<\/a><\/p>\n<p><a href=\"https:\/\/www.prooptika.ee\/\" target=\"_blank\" rel=\"noopener\">https:\/\/www.prooptika.ee\/<\/a><\/p>    <\/div>\n<\/div>\n<!-- \/module text -->        <\/div>\n                    <div  data-lazy=\"1\" class=\"module_column tb-column col4-2 tb_vsql267\">\n                    <!-- module text -->\n<div  class=\"module module-text tb_1aer314   \" data-lazy=\"1\">\n        <div  class=\"tb_text_wrap\">\n        <h1>Pro Optika<\/h1>\n<p style=\"font-weight: 400;\">Pro Optika on prillipood, kuhu tasub esimesena vaadata. Kui tahad n\u00e4ha maailma selgemalt, leida just sulle sobivad prilliraamid ning kogeda s\u00f5bralikku ja asjalikku teenindust, siis ootame sind.<\/p>\n<p style=\"font-weight: 400;\">Oleme keskendunud individuaalsele ja kvaliteetsele klienditeenindusele, mist\u00f5ttu p\u00f6\u00f6rame suurt t\u00e4helepanu personalivalikule ja t\u00e4ienduskoolitustele. Kliendikeskset teenindust toetab omakorda silmapaistev kaubavalik, mille t\u00e4iendamiseks osaleme Euroopa suurimatel optikamessidel Pariisis ja Milanos.<\/p>\n<p style=\"font-weight: 400;\">Kaubam\u00e4rgid: Silhouette, Ray-Ban, Giorgio Armani, Emporio Armani, Gucci, Prada, Versace, Etnia Barcelona,\u00a0Azzaro, Andy Wolf,\u00a0Vanni, David Beckham, Polaroid, Police, Carrera, ZEISS, Oakley, Tom Ford, Marc Jacobs jpt.<\/p>\n<p style=\"font-weight: 400;\">Silmad on meie kalleim vara, Pro Optikas v\u00f5id olla veendunud, et sinu silmade eest hoolitsevad oma ala spetsialistid. Pakume terviklikku teenust, mille eest kannavad hoolt kogenud kliendikonsultandid, optikud, optometristid ja silmaarstid. Broneeri vastuv\u00f5tt l\u00e4bi meie kodulehe v\u00f5i kauplusesse helistades.\u00a0<\/p>\n<p style=\"font-weight: 400;\">N\u00e4eme siin!<\/p>    <\/div>\n<\/div>\n<!-- \/module text -->        <\/div>\n                    <div  data-lazy=\"1\" class=\"module_column tb-column col4-1 tb_3f5g68 last\">\n                    <!-- module text -->\n<div  class=\"module module-text tb_yodt295   \" data-lazy=\"1\">\n        <div  class=\"tb_text_wrap\">\n        <h2>Asukoht<\/h2>    <\/div>\n<\/div>\n<!-- \/module text --><!-- module image pro -->\n<div  class=\"module module-pro-image tb_57uv26 filter-none effect-shine   tf_textc   entrance-effect-fadeIn\" data-lazy=\"1\" data-entrance-effect=\"fadeIn\" data-exit-effect=\"fadeOut\" >\n\t\n    <div class=\"image-pro-wrap tf_rel tf_overflow tf_inline_b\">\n\t\t\t\t\t<a class=\"image-pro-external themify_lightbox tf_abs tf_w tf_h\" href=\"https:\/\/pargikeskus.ee\/wp-content\/uploads\/2020\/11\/Pro-Optika.jpg\" ><span class=\"screen-reader-text\">Link<\/span><\/a>\n\t\t   \t\t<div class=\"image-pro-flip-box-wrap tf_rel tf_w tf_overflow\">\n\t\t\t<div class=\"image-pro-flip-box tf_rel\">\n\n\t\t\t\t<img loading=\"lazy\" decoding=\"async\" width=\"1440\" height=\"1107\" src=\"https:\/\/pargikeskus.ee\/wp-content\/uploads\/2020\/11\/Pro-Optika.jpg\" class=\"wp-post-image wp-image-2011\" title=\"Pro Optika\" alt=\"Pro Optika\" srcset=\"https:\/\/pargikeskus.ee\/wp-content\/uploads\/2020\/11\/Pro-Optika.jpg 1440w, https:\/\/pargikeskus.ee\/wp-content\/uploads\/2020\/11\/Pro-Optika-300x231.jpg 300w, https:\/\/pargikeskus.ee\/wp-content\/uploads\/2020\/11\/Pro-Optika-1024x787.jpg 1024w, https:\/\/pargikeskus.ee\/wp-content\/uploads\/2020\/11\/Pro-Optika-768x590.jpg 768w\" sizes=\"auto, (max-width: 1440px) 100vw, 1440px\" \/>\n\t\t\t\t\n\t\t\t<\/div>\n\t\t<\/div>\n\n    <\/div><!-- .image-pro-wrap -->\n\n\t\n\t\n\t<\/div><!-- \/module image pro --><!-- module text -->\n<div  class=\"module module-text tb_kunv69   \" data-lazy=\"1\">\n        <div  class=\"tb_text_wrap\">\n        <p><span id=\"kampaania\"><\/span><\/p>\n    <\/div>\n<\/div>\n<!-- \/module text --><!-- module text -->\n<div  class=\"module module-text tb_po9s392   \" data-lazy=\"1\">\n        <div  class=\"tb_text_wrap\">\n            <\/div>\n<\/div>\n<!-- \/module text -->        <\/div>\n                        <\/div>\n        <\/div>\n        <\/div>\n<!--\/themify_builder_content-->","protected":false},"excerpt":{"rendered":"<p>Avatud E-L 10:00 \u2013 20:00P 10:00 \u2013 19:00<\/p>\n","protected":false},"author":1,"featured_media":0,"parent":1702,"menu_order":0,"comment_status":"closed","ping_status":"closed","template":"","meta":{"footnotes":""},"class_list":["post-2010","page","type-page","status-publish","hentry","has-post-title","has-post-date","has-post-category","has-post-tag","has-post-comment","has-post-author",""],"yoast_head":"<!-- This site is optimized with the Yoast SEO plugin v27.4 - https:\/\/yoast.com\/product\/yoast-seo-wordpress\/ -->\n<title>Pro Optika - Pargi Keskus<\/title>\n<meta name=\"robots\" content=\"index, follow, max-snippet:-1, max-image-preview:large, max-video-preview:-1\" \/>\n<link rel=\"canonical\" href=\"https:\/\/pargikeskus.ee\/en\/kauplused\/pro-optika\/\" \/>\n<meta property=\"og:locale\" content=\"en_US\" \/>\n<meta property=\"og:type\" content=\"article\" \/>\n<meta property=\"og:title\" content=\"Pro Optika - Pargi Keskus\" \/>\n<meta property=\"og:description\" content=\"Avatud E-L 10:00 \u2013 20:00P 10:00 \u2013 19:00\" \/>\n<meta property=\"og:url\" content=\"https:\/\/pargikeskus.ee\/en\/kauplused\/pro-optika\/\" \/>\n<meta property=\"og:site_name\" content=\"Pargi Keskus\" \/>\n<meta property=\"article:modified_time\" content=\"2025-08-13T12:10:40+00:00\" \/>\n<meta property=\"og:image\" content=\"https:\/\/pargikeskus.ee\/wp-content\/uploads\/2025\/03\/PO-logo-rgb-ruut-1024x1024-200x200.png\" \/>\n<meta name=\"twitter:card\" content=\"summary_large_image\" \/>\n<script type=\"application\/ld+json\" class=\"yoast-schema-graph\">{\"@context\":\"https:\\\/\\\/schema.org\",\"@graph\":[{\"@type\":\"WebPage\",\"@id\":\"https:\\\/\\\/pargikeskus.ee\\\/en\\\/kauplused\\\/pro-optika\\\/\",\"url\":\"https:\\\/\\\/pargikeskus.ee\\\/en\\\/kauplused\\\/pro-optika\\\/\",\"name\":\"Pro Optika - Pargi Keskus\",\"isPartOf\":{\"@id\":\"https:\\\/\\\/pargikeskus.ee\\\/ru\\\/#website\"},\"primaryImageOfPage\":{\"@id\":\"https:\\\/\\\/pargikeskus.ee\\\/en\\\/kauplused\\\/pro-optika\\\/#primaryimage\"},\"image\":{\"@id\":\"https:\\\/\\\/pargikeskus.ee\\\/en\\\/kauplused\\\/pro-optika\\\/#primaryimage\"},\"thumbnailUrl\":\"https:\\\/\\\/pargikeskus.ee\\\/wp-content\\\/uploads\\\/2025\\\/03\\\/PO-logo-rgb-ruut-1024x1024-200x200.png\",\"datePublished\":\"2020-11-04T13:59:12+00:00\",\"dateModified\":\"2025-08-13T12:10:40+00:00\",\"breadcrumb\":{\"@id\":\"https:\\\/\\\/pargikeskus.ee\\\/en\\\/kauplused\\\/pro-optika\\\/#breadcrumb\"},\"inLanguage\":\"en-US\",\"potentialAction\":[{\"@type\":\"ReadAction\",\"target\":[\"https:\\\/\\\/pargikeskus.ee\\\/en\\\/kauplused\\\/pro-optika\\\/\"]}]},{\"@type\":\"ImageObject\",\"inLanguage\":\"en-US\",\"@id\":\"https:\\\/\\\/pargikeskus.ee\\\/en\\\/kauplused\\\/pro-optika\\\/#primaryimage\",\"url\":\"https:\\\/\\\/pargikeskus.ee\\\/wp-content\\\/uploads\\\/2025\\\/03\\\/PO-logo-rgb-ruut-1024x1024-200x200.png\",\"contentUrl\":\"https:\\\/\\\/pargikeskus.ee\\\/wp-content\\\/uploads\\\/2025\\\/03\\\/PO-logo-rgb-ruut-1024x1024-200x200.png\"},{\"@type\":\"BreadcrumbList\",\"@id\":\"https:\\\/\\\/pargikeskus.ee\\\/en\\\/kauplused\\\/pro-optika\\\/#breadcrumb\",\"itemListElement\":[{\"@type\":\"ListItem\",\"position\":1,\"name\":\"Home\",\"item\":\"https:\\\/\\\/pargikeskus.ee\\\/en\\\/\"},{\"@type\":\"ListItem\",\"position\":2,\"name\":\"Shops\",\"item\":\"https:\\\/\\\/pargikeskus.ee\\\/en\\\/kauplused\\\/\"},{\"@type\":\"ListItem\",\"position\":3,\"name\":\"Pro Optika\"}]},{\"@type\":\"WebSite\",\"@id\":\"https:\\\/\\\/pargikeskus.ee\\\/ru\\\/#website\",\"url\":\"https:\\\/\\\/pargikeskus.ee\\\/ru\\\/\",\"name\":\"Pargi Keskus\",\"description\":\"\",\"potentialAction\":[{\"@type\":\"SearchAction\",\"target\":{\"@type\":\"EntryPoint\",\"urlTemplate\":\"https:\\\/\\\/pargikeskus.ee\\\/ru\\\/?s={search_term_string}\"},\"query-input\":{\"@type\":\"PropertyValueSpecification\",\"valueRequired\":true,\"valueName\":\"search_term_string\"}}],\"inLanguage\":\"en-US\"}]}<\/script>\n<!-- \/ Yoast SEO plugin. -->","yoast_head_json":{"title":"Pro Optika - Pargi Keskus","robots":{"index":"index","follow":"follow","max-snippet":"max-snippet:-1","max-image-preview":"max-image-preview:large","max-video-preview":"max-video-preview:-1"},"canonical":"https:\/\/pargikeskus.ee\/en\/kauplused\/pro-optika\/","og_locale":"en_US","og_type":"article","og_title":"Pro Optika - Pargi Keskus","og_description":"Avatud E-L 10:00 \u2013 20:00P 10:00 \u2013 19:00","og_url":"https:\/\/pargikeskus.ee\/en\/kauplused\/pro-optika\/","og_site_name":"Pargi Keskus","article_modified_time":"2025-08-13T12:10:40+00:00","og_image":[{"url":"https:\/\/pargikeskus.ee\/wp-content\/uploads\/2025\/03\/PO-logo-rgb-ruut-1024x1024-200x200.png","type":"","width":"","height":""}],"twitter_card":"summary_large_image","schema":{"@context":"https:\/\/schema.org","@graph":[{"@type":"WebPage","@id":"https:\/\/pargikeskus.ee\/en\/kauplused\/pro-optika\/","url":"https:\/\/pargikeskus.ee\/en\/kauplused\/pro-optika\/","name":"Pro Optika - Pargi Keskus","isPartOf":{"@id":"https:\/\/pargikeskus.ee\/ru\/#website"},"primaryImageOfPage":{"@id":"https:\/\/pargikeskus.ee\/en\/kauplused\/pro-optika\/#primaryimage"},"image":{"@id":"https:\/\/pargikeskus.ee\/en\/kauplused\/pro-optika\/#primaryimage"},"thumbnailUrl":"https:\/\/pargikeskus.ee\/wp-content\/uploads\/2025\/03\/PO-logo-rgb-ruut-1024x1024-200x200.png","datePublished":"2020-11-04T13:59:12+00:00","dateModified":"2025-08-13T12:10:40+00:00","breadcrumb":{"@id":"https:\/\/pargikeskus.ee\/en\/kauplused\/pro-optika\/#breadcrumb"},"inLanguage":"en-US","potentialAction":[{"@type":"ReadAction","target":["https:\/\/pargikeskus.ee\/en\/kauplused\/pro-optika\/"]}]},{"@type":"ImageObject","inLanguage":"en-US","@id":"https:\/\/pargikeskus.ee\/en\/kauplused\/pro-optika\/#primaryimage","url":"https:\/\/pargikeskus.ee\/wp-content\/uploads\/2025\/03\/PO-logo-rgb-ruut-1024x1024-200x200.png","contentUrl":"https:\/\/pargikeskus.ee\/wp-content\/uploads\/2025\/03\/PO-logo-rgb-ruut-1024x1024-200x200.png"},{"@type":"BreadcrumbList","@id":"https:\/\/pargikeskus.ee\/en\/kauplused\/pro-optika\/#breadcrumb","itemListElement":[{"@type":"ListItem","position":1,"name":"Home","item":"https:\/\/pargikeskus.ee\/en\/"},{"@type":"ListItem","position":2,"name":"Shops","item":"https:\/\/pargikeskus.ee\/en\/kauplused\/"},{"@type":"ListItem","position":3,"name":"Pro Optika"}]},{"@type":"WebSite","@id":"https:\/\/pargikeskus.ee\/ru\/#website","url":"https:\/\/pargikeskus.ee\/ru\/","name":"Pargi Keskus","description":"","potentialAction":[{"@type":"SearchAction","target":{"@type":"EntryPoint","urlTemplate":"https:\/\/pargikeskus.ee\/ru\/?s={search_term_string}"},"query-input":{"@type":"PropertyValueSpecification","valueRequired":true,"valueName":"search_term_string"}}],"inLanguage":"en-US"}]}},"builder_content":"<img src=\"https:\/\/pargikeskus.ee\/wp-content\/uploads\/2025\/03\/PO-logo-rgb-ruut-1024x1024-200x200.png\" width=\"200\" height=\"200\" title=\"PO-logo-rgb-ruut\" alt=\"PO-logo-rgb-ruut\" srcset=\"https:\/\/pargikeskus.ee\/wp-content\/uploads\/2025\/03\/PO-logo-rgb-ruut-1024x1024-200x200.png 200w, https:\/\/pargikeskus.ee\/wp-content\/uploads\/2025\/03\/PO-logo-rgb-ruut-300x300.png 300w, https:\/\/pargikeskus.ee\/wp-content\/uploads\/2025\/03\/PO-logo-rgb-ruut-1024x1024.png 1024w, https:\/\/pargikeskus.ee\/wp-content\/uploads\/2025\/03\/PO-logo-rgb-ruut-1024x1024-150x150.png 150w, https:\/\/pargikeskus.ee\/wp-content\/uploads\/2025\/03\/PO-logo-rgb-ruut-768x768.png 768w, https:\/\/pargikeskus.ee\/wp-content\/uploads\/2025\/03\/PO-logo-rgb-ruut.png 1080w\" sizes=\"(max-width: 200px) 100vw, 200px\" \/>\n<h2>Avatud<\/h2> <p>E-L 10:00 \u2013 20:00<br \/>P 10:00 \u2013 19:00<\/p>\n<h2>Kontaktandmed<\/h2> <p><a href=\"tel:+3723322833\">+372 3322833<\/a><br \/><a href=\"mailto:johvi@prooptika.ee\">johvi@prooptika.ee<\/a><\/p> <p><a href=\"https:\/\/www.prooptika.ee\/\" target=\"_blank\" rel=\"noopener\">https:\/\/www.prooptika.ee\/<\/a><\/p>\n<h1>Pro Optika<\/h1> <p style=\"font-weight: 400;\">Pro Optika on prillipood, kuhu tasub esimesena vaadata. Kui tahad n\u00e4ha maailma selgemalt, leida just sulle sobivad prilliraamid ning kogeda s\u00f5bralikku ja asjalikku teenindust, siis ootame sind.<\/p> <p style=\"font-weight: 400;\">Oleme keskendunud individuaalsele ja kvaliteetsele klienditeenindusele, mist\u00f5ttu p\u00f6\u00f6rame suurt t\u00e4helepanu personalivalikule ja t\u00e4ienduskoolitustele. Kliendikeskset teenindust toetab omakorda silmapaistev kaubavalik, mille t\u00e4iendamiseks osaleme Euroopa suurimatel optikamessidel Pariisis ja Milanos.<\/p> <p style=\"font-weight: 400;\">Kaubam\u00e4rgid: Silhouette, Ray-Ban, Giorgio Armani, Emporio Armani, Gucci, Prada, Versace, Etnia Barcelona,\u00a0Azzaro, Andy Wolf,\u00a0Vanni, David Beckham, Polaroid, Police, Carrera, ZEISS, Oakley, Tom Ford, Marc Jacobs jpt.<\/p> <p style=\"font-weight: 400;\">Silmad on meie kalleim vara, Pro Optikas v\u00f5id olla veendunud, et sinu silmade eest hoolitsevad oma ala spetsialistid. Pakume terviklikku teenust, mille eest kannavad hoolt kogenud kliendikonsultandid, optikud, optometristid ja silmaarstid. Broneeri vastuv\u00f5tt l\u00e4bi meie kodulehe v\u00f5i kauplusesse helistades.\u00a0<\/p> <p style=\"font-weight: 400;\">N\u00e4eme siin!<\/p>\n<h2>Asukoht<\/h2>\n<a href=\"https:\/\/pargikeskus.ee\/wp-content\/uploads\/2020\/11\/Pro-Optika.jpg\" >Link<\/a> \n <img src=\"https:\/\/pargikeskus.ee\/wp-content\/uploads\/2020\/11\/Pro-Optika.jpg\" title=\"Pro Optika\" alt=\"Pro Optika\" srcset=\"https:\/\/pargikeskus.ee\/wp-content\/uploads\/2020\/11\/Pro-Optika.jpg 1440w, https:\/\/pargikeskus.ee\/wp-content\/uploads\/2020\/11\/Pro-Optika-300x231.jpg 300w, https:\/\/pargikeskus.ee\/wp-content\/uploads\/2020\/11\/Pro-Optika-1024x787.jpg 1024w, https:\/\/pargikeskus.ee\/wp-content\/uploads\/2020\/11\/Pro-Optika-768x590.jpg 768w\" sizes=\"(max-width: 1440px) 100vw, 1440px\" \/>\n<p><\/p>\n<p>[campaign]<\/p>","_links":{"self":[{"href":"https:\/\/pargikeskus.ee\/en\/wp-json\/wp\/v2\/pages\/2010","targetHints":{"allow":["GET"]}}],"collection":[{"href":"https:\/\/pargikeskus.ee\/en\/wp-json\/wp\/v2\/pages"}],"about":[{"href":"https:\/\/pargikeskus.ee\/en\/wp-json\/wp\/v2\/types\/page"}],"author":[{"embeddable":true,"href":"https:\/\/pargikeskus.ee\/en\/wp-json\/wp\/v2\/users\/1"}],"replies":[{"embeddable":true,"href":"https:\/\/pargikeskus.ee\/en\/wp-json\/wp\/v2\/comments?post=2010"}],"version-history":[{"count":4,"href":"https:\/\/pargikeskus.ee\/en\/wp-json\/wp\/v2\/pages\/2010\/revisions"}],"predecessor-version":[{"id":10751,"href":"https:\/\/pargikeskus.ee\/en\/wp-json\/wp\/v2\/pages\/2010\/revisions\/10751"}],"up":[{"embeddable":true,"href":"https:\/\/pargikeskus.ee\/en\/wp-json\/wp\/v2\/pages\/1702"}],"wp:attachment":[{"href":"https:\/\/pargikeskus.ee\/en\/wp-json\/wp\/v2\/media?parent=2010"}],"curies":[{"name":"wp","href":"https:\/\/api.w.org\/{rel}","templated":true}]}}